{"id":2868,"date":"2024-12-27T21:23:58","date_gmt":"2024-12-28T00:23:58","guid":{"rendered":"https:\/\/justlaser.com.br\/alugueldelasers\/?page_id=2868"},"modified":"2025-03-05T13:32:44","modified_gmt":"2025-03-05T16:32:44","slug":"aluguel-de-ultrassom-macro-focado","status":"publish","type":"page","link":"https:\/\/justlaser.com.br\/alugueldelasers\/aluguel-de-ultrassom-macro-focado\/","title":{"rendered":"Aluguel de Ultrassom macro focado Scizer"},"content":{"rendered":"<h1>Aluguel de Ultrassom macro focado Scizer<\/h1>\n<p><img decoding=\"async\" class=\"aligncenter size-full wp-image-2874\" src=\"https:\/\/justlaser.com.br\/alugueldelasers\/wp-content\/uploads\/2021\/12\/ALUGUEL-DE-MACRO-FOCADO.jpg\" alt=\"ALUGUEL DE MACRO FOCADO\" width=\"1060\" height=\"731\" title=\"\" srcset=\"https:\/\/justlaser.com.br\/alugueldelasers\/wp-content\/uploads\/2021\/12\/ALUGUEL-DE-MACRO-FOCADO-200x138.jpg 200w, https:\/\/justlaser.com.br\/alugueldelasers\/wp-content\/uploads\/2021\/12\/ALUGUEL-DE-MACRO-FOCADO-300x207.jpg 300w, https:\/\/justlaser.com.br\/alugueldelasers\/wp-content\/uploads\/2021\/12\/ALUGUEL-DE-MACRO-FOCADO-400x276.jpg 400w, https:\/\/justlaser.com.br\/alugueldelasers\/wp-content\/uploads\/2021\/12\/ALUGUEL-DE-MACRO-FOCADO-500x345.jpg 500w, https:\/\/justlaser.com.br\/alugueldelasers\/wp-content\/uploads\/2021\/12\/ALUGUEL-DE-MACRO-FOCADO-600x414.jpg 600w, https:\/\/justlaser.com.br\/alugueldelasers\/wp-content\/uploads\/2021\/12\/ALUGUEL-DE-MACRO-FOCADO-700x483.jpg 700w, https:\/\/justlaser.com.br\/alugueldelasers\/wp-content\/uploads\/2021\/12\/ALUGUEL-DE-MACRO-FOCADO-768x530.jpg 768w, https:\/\/justlaser.com.br\/alugueldelasers\/wp-content\/uploads\/2021\/12\/ALUGUEL-DE-MACRO-FOCADO-800x552.jpg 800w, https:\/\/justlaser.com.br\/alugueldelasers\/wp-content\/uploads\/2021\/12\/ALUGUEL-DE-MACRO-FOCADO-1024x706.jpg 1024w, https:\/\/justlaser.com.br\/alugueldelasers\/wp-content\/uploads\/2021\/12\/ALUGUEL-DE-MACRO-FOCADO.jpg 1060w\" sizes=\"(max-width: 1060px) 100vw, 1060px\" \/><\/p>\n<p>&nbsp;<\/p>\n<h2>Temos 3 m\u00e1quinas no mercado Brasileiro que s\u00e3o refer\u00eancia de ultrassom macro focado.<\/h2>\n<p><span style=\"font-size: 20px;\"><strong>Uma <em>exclusiva <a href=\"https:\/\/classys.com\/product-line\/scizer\/\" target=\"_blank\" rel=\"noopener\">MACRO FOCADA<\/a><\/em>: APARELHO SCIZER, DA CLASSYS, COREANA.<\/strong><\/span><\/p>\n<p><span style=\"font-size: 20px;\"><strong>E <em>duas m\u00e1quinas mistas<\/em>, com ponteiras micro e macrofocadas:<\/strong><\/span><\/p>\n<ul>\n<li><span style=\"font-size: 20px;\"><strong>UltraFormer III , tamb\u00e9m da Classys<\/strong><\/span><\/li>\n<li><span style=\"font-size: 20px;\"><a href=\"https:\/\/www.vydence.com\/pt\/accutyte-ultra\/\" target=\"_blank\" rel=\"noopener\"><strong>Accutyte Ultra, Vydence\u00a0 &#8211; n\u00e3o dispomos para loca\u00e7\u00e3o !<\/strong><\/a><\/span><\/li>\n<\/ul>\n<h2>Veja um depoimento do site do fabricante do\u00a0 Scizer sobre sua tecnologia<\/h2>\n<p><iframe src=\"\/\/www.youtube.com\/embed\/EfUbfakTKh0\" width=\"560\" height=\"314\" allowfullscreen=\"allowfullscreen\"><\/iframe><\/p>\n<p><span style=\"font-size: 20px;\"><strong>Abaixo links de p\u00e1ginas para mais informa\u00e7\u00f5es:<\/strong><\/span><\/p>\n<p><span style=\"font-size: 20px;\"><a href=\"https:\/\/justlaser.com.br\/alugueldelasers\/aluguel-de-aparelho-de-campo-eletromagnetico\/aluguel-supra-maximus-locacaosupramaximus\">Aluguel SupraM\u00e1ximus<\/a><\/span><\/p>\n<p><span style=\"font-size: 20px;\"><a href=\"https:\/\/justlaser.com.br\/alugueldelasers\/aluguel-de-aparelho-de-campo-eletromagnetico\/aluguel-locacao-cm-slim-cmslim\/\">Aluguel loca\u00e7\u00e3o CMSLIM\u00a0<\/a><\/span><\/p>\n<p><span style=\"font-size: 20px;\"><a href=\"https:\/\/justlaser.com.br\/alugueldelasers\/aluguel-de-aparelho-de-campo-eletromagnetico\/\">Aluguel de aparelhos de campo onda eletro magn\u00e9tica\u00a0<\/a><\/span><\/p>\n<p><span style=\"font-size: 20px;\"><a href=\"https:\/\/justlaser.com.br\/alugueldelasers\/aluguel-ultrassom-macro-focado-scizer\/aluguel-do-scizer\/\">Aluguel do Scizer\u00a0<\/a><\/span><\/p>\n<p><span style=\"font-size: 20px;\"><a href=\"https:\/\/justlaser.com.br\/alugueldelasers\/aluguel-ultrassom-macro-focado-scizer\/locacao-scizer\">Loca\u00e7\u00e3o do Scizer pelo Brasil\u00a0<\/a><\/span><\/p>\n<p><span style=\"font-size: 20px;\"><a href=\"https:\/\/justlaser.com.br\/alugueldelasers\/aluguel-locacao-de-lasers\/locacao-aluguel-do-laser-plataforma-etherea-mx-sao-paulo\">Aluguel Etherea MX<\/a><\/span><\/p>\n<h2>Veja o Ultrassom Macrofocado em a\u00e7\u00e3o, em um peda\u00e7o de gordura !<\/h2>\n<p><iframe src=\"\/\/www.youtube.com\/embed\/-nu-rSwnQfs\" width=\"560\" height=\"314\" allowfullscreen=\"allowfullscreen\"><\/iframe><\/p>\n<h2>Agora um pouco sobre o Accutyte Ultra, com ponteiras:<\/h2>\n<ol>\n<li><span style=\"font-size: 20px;\">DOT ,<\/span><\/li>\n<li><span style=\"font-size: 20px;\">LINEARES ( NOVIDADE ) E<\/span><\/li>\n<li><span style=\"font-size: 20px;\">MACRO FOCADO<\/span><\/li>\n<\/ol>\n<h3><span style=\"font-size: 20px;\"><em><strong>Se voc\u00ea procura aluguel loca\u00e7\u00e3o de aparelhos de ULTRASSOM MACRO FOCADO, COMO SCIZER,\u00a0<\/strong><\/em><\/span><br \/>\n<span style=\"font-size: 20px;\"><em><strong> ou treinamento de SCIZER : entre em contato !<\/strong><\/em><\/span><\/h3>\n<p>&nbsp;<\/p>\n<h2><span style=\"font-size: 20px;\">Procurando <em>aluguel e treinamento<\/em> em Ultrassom Macro focado\u00a0 \u00a0?\u00a0 Entre em contato\u00a0 !<\/span><\/h2>\n<p><span style=\"font-size: 28px;\"><strong>Veja links de outros aparelhos para loca\u00e7\u00e3o:<\/strong><\/span><\/p>\n<p><span style=\"font-size: 20px;\"><a href=\"https:\/\/justlaser.com.br\/alugueldelasers\/aluguel-locacao-de-lasers\/locacao-aluguel-do-laser-plataforma-ethereamx-sao-paulo\/\">Aluguel Etherea MX<\/a><\/span><\/p>\n<p><span style=\"font-size: 20px;\"><a href=\"https:\/\/justlaser.com.br\/alugueldelasers\/aluguel-e-locacao-de-laser-para-depilacao-a-laser\/aluguel-soprano-platinum\">Aluguel\u00a0 Soprano Platinum<\/a><\/span><\/p>\n<p><span style=\"font-size: 20px;\"><a href=\"https:\/\/justlaser.com.br\/alugueldelasers\/aluguel-e-locacao-de-laser-para-depilacao-a-laser\/locacao-de-soprano-platinum\/\"><strong>Loca\u00e7\u00e3o de Soprano Platinum<\/strong><\/a><\/span><\/p>\n<p><span style=\"font-size: 20px;\"><a href=\"https:\/\/endoliftacademy.com.br\/\" target=\"_blank\" rel=\"noopener\">Curso de Endolaser<\/a><\/span><\/p>\n<p><span style=\"font-size: 20px;\"><strong><a href=\"https:\/\/www.instagram.com\/endoliftacademybrasil\/\" target=\"_blank\" rel=\"noopener\">Tudo sobre Endolaser &#8211; dicas e cursos no Instagram\u00a0<\/a><\/strong><\/span><\/p>\n<p><span style=\"font-size: 20px;\"><a href=\"https:\/\/justlaser.com.br\/alugueldelasers\/aluguel-de-endolift\/\"><strong>J\u00e1 pensou em aluguel do ENDOLASER\u00a0\u00a0<\/strong><\/a><\/span><\/p>\n<p>&nbsp;<\/p>\n<p><span style=\"font-size: 20px;\"><strong>N\u00e3o perca tempo!<\/strong> <\/span><\/p>\n<p><span style=\"font-size: 20px;\">Traga a tecnologia de depila\u00e7\u00e3o a laser mais avan\u00e7ada do mundo para o seu espa\u00e7o e ofere\u00e7a aos seus clientes <strong>seguran\u00e7a, efic\u00e1cia e conforto<\/strong> com o Soprano Platinum da Just Laser.<\/span><\/p>\n<blockquote><p><span style=\"font-size: 28px;\"><strong>Chame a gente agora, pelo Whatsapp.<br \/>\nO link est\u00e1 logo aqui: abaixo \u00e0 direita!<\/strong><\/span><\/p><\/blockquote>\n<p>&nbsp;<\/p>\n","protected":false},"excerpt":{"rendered":"<p>Aluguel de Ultrassom macro focado Scizer &nbsp; Temos 3 m\u00e1quinas no mercado Brasileiro que [&hellip;]<\/p>\n","protected":false},"author":2,"featured_media":0,"parent":0,"menu_order":0,"comment_status":"closed","ping_status":"closed","template":"","meta":{"footnotes":""},"_links":{"self":[{"href":"https:\/\/justlaser.com.br\/alugueldelasers\/wp-json\/wp\/v2\/pages\/2868"}],"collection":[{"href":"https:\/\/justlaser.com.br\/alugueldelasers\/wp-json\/wp\/v2\/pages"}],"about":[{"href":"https:\/\/justlaser.com.br\/alugueldelasers\/wp-json\/wp\/v2\/types\/page"}],"author":[{"embeddable":true,"href":"https:\/\/justlaser.com.br\/alugueldelasers\/wp-json\/wp\/v2\/users\/2"}],"replies":[{"embeddable":true,"href":"https:\/\/justlaser.com.br\/alugueldelasers\/wp-json\/wp\/v2\/comments?post=2868"}],"version-history":[{"count":0,"href":"https:\/\/justlaser.com.br\/alugueldelasers\/wp-json\/wp\/v2\/pages\/2868\/revisions"}],"wp:attachment":[{"href":"https:\/\/justlaser.com.br\/alugueldelasers\/wp-json\/wp\/v2\/media?parent=2868"}],"curies":[{"name":"wp","href":"https:\/\/api.w.org\/{rel}","templated":true}]}}